{"id":855,"date":"2022-10-04T09:05:40","date_gmt":"2022-10-04T09:05:40","guid":{"rendered":"https:\/\/www.german-pajares.com\/politica-de-privacidad\/"},"modified":"2022-10-04T09:05:40","modified_gmt":"2022-10-04T09:05:40","slug":"politica-de-privacidad","status":"publish","type":"page","link":"https:\/\/www.german-pajares.com\/ca\/politica-de-privacidad\/","title":{"rendered":"Pol\u00edtica de privacidad"},"content":{"rendered":"\t\t<div data-elementor-type=\"wp-page\" data-elementor-id=\"855\" class=\"elementor elementor-855 elementor-3\">\n\t\t\t\t\t\t\t\t\t<section class=\"elementor-section elementor-top-section elementor-element elementor-element-a949997 elementor-section-boxed elementor-section-height-default elementor-section-height-default\" data-id=\"a949997\" data-element_type=\"section\">\n\t\t\t\t\t\t<div class=\"elementor-container elementor-column-gap-default\">\n\t\t\t\t\t<div class=\"elementor-column elementor-col-100 elementor-top-column elementor-element elementor-element-1ca912a8\" data-id=\"1ca912a8\" data-element_type=\"column\">\n\t\t\t<div class=\"elementor-widget-wrap elementor-element-populated\">\n\t\t\t\t\t\t\t\t<div class=\"elementor-element elementor-element-7b4d245c elementor-widget elementor-widget-text-editor\" data-id=\"7b4d245c\" data-element_type=\"widget\" data-widget_type=\"text-editor.default\">\n\t\t\t\t<div class=\"elementor-widget-container\">\n\t\t\t<style>\/*! elementor - v3.7.7 - 20-09-2022 *\/\n.elementor-widget-text-editor.elementor-drop-cap-view-stacked .elementor-drop-cap{background-color:#818a91;color:#fff}.elementor-widget-text-editor.elementor-drop-cap-view-framed .elementor-drop-cap{color:#818a91;border:3px solid;background-color:transparent}.elementor-widget-text-editor:not(.elementor-drop-cap-view-default) .elementor-drop-cap{margin-top:8px}.elementor-widget-text-editor:not(.elementor-drop-cap-view-default) .elementor-drop-cap-letter{width:1em;height:1em}.elementor-widget-text-editor .elementor-drop-cap{float:left;text-align:center;line-height:1;font-size:50px}.elementor-widget-text-editor .elementor-drop-cap-letter{display:inline-block}<\/style>\t\t\t\t<h1><strong>POL\u00cdTICA DE PRIVACIDAD DEL SITIO WEB<\/strong><\/h1>\r\n\r\n<p><strong>www.german-pajares.com<\/strong><\/p>\r\n\r\n<p>Respetando lo establecido en la legislaci\u00f3n vigente, Germ\u00e1n Pajares (en adelante el Sitio Web) se compromete a adoptar las medidas t\u00e9cnicas y organizativas necesarias, seg\u00fan el nivel de seguridad adecuado al riesgo de los datos recogidos.<\/p>\r\n\r\n<p><strong>Leyes que incorpora esta pol\u00edtica de privacidad<\/strong><\/p>\r\n\r\n<p>Esta pol\u00edtica de privacidad est\u00e1 adaptada a la normativa espa\u00f1ola y europea vigente en materia de protecci\u00f3n de datos personales en internet. En concreto, la misma respeta las siguientes normas:<\/p>\r\n\r\n<p>* El Reglamento (UE) 2016\/679 del Parlamento Europeo y del Consejo, de 27 de Abril de 2016, relativo a la protecci\u00f3n de las personas f\u00edsicas en lo que respecta al tratamiento de datos personales y a la libre circulaci\u00f3n de datos (RGPD).<\/p>\r\n\r\n<p>* La Ley Org\u00e1nica 3\/2018 de 5 de Diciembre, de Protecci\u00f3n de Datos Personales y garant\u00eda de los derechos digitales (LOPD-GDD).<\/p>\r\n\r\n<p>* El Real Decreto 1720\/2007 de 21 de Diciembre, por el que se aprueba el Reglamento de desarrollo de la Ley Org\u00e1nica 15\/1999, de 13 de Diciembre, de Protecci\u00f3n de Datos de Car\u00e1cter Personal (RDLOPD).<\/p>\r\n\r\n<p>*La Ley 34\/2002, de 11 de Julio, de Servicios de la Sociedad de la Informaci\u00f3n y de Comercio Electr\u00f3nico (LSSI-CE).<\/p>\r\n\r\n<p><strong>Identidad del responsable del tratamiento de los datos personales<\/strong><\/p>\r\n\r\n<p>El responsable del tratamiento de los datos personales recogidos en la web es: Germ\u00e1n Pajares Gim\u00e9nez, con DNI 46870663K.<\/p>\r\n\r\n<p><strong>Registro de Datos de Car\u00e1cter Personal<\/strong><\/p>\r\n\r\n<p>En cumplimiento de lo establecido en el RGPD y la LOPD-GDD, le informamos que los datos personales recabados por el Sitio Web mediante el formulario extendido en su p\u00e1gina quedar\u00e1n incorporados y ser\u00e1n tratados en nuestros ficheros con el fin de poder facilitar, agilizar y cumplir los compromisos establecidos entre el Sitio Web y el usuario o el mantenimiento de la relaci\u00f3n que se establezca en el formulario que este rellene, o para atender una solicitud o consulta del mismo. Asimismo, de conformidad con lo previsto en el RGPD y la LOPD-GDD, salvo que sea de aplicaci\u00f3n la excepci\u00f3n prevista en el art\u00edculo 30.5 del RGPD, se mantiene un registro de actividades de tratamiento espec\u00edfica, seg\u00fan sus finalidades, las actividades de tratamiento llevadas a cabo y las dem\u00e1s circunstancias establecidas en el RGPD.<\/p>\r\n\r\n<p><strong>Principios aplicables al tratamiento de los datos personales<\/strong><\/p>\r\n\r\n<p>El tratamiento de los datos personales del usuario se someter\u00e1 a los siguientes principios recogidos en el art\u00edculo 5 del RGPD y en el art\u00edculo 4 y siguientes de la Ley Org\u00e1nica 3\/2018 de 5 de Diciembre, de Protecci\u00f3n de Datos Personales y garant\u00eda de los derechos digitales:<\/p>\r\n\r\n<p>\u2013 Principio de licitud, lealtad y transparencia: se requerir\u00e1 en todo momento el consentimiento del usuario previa informaci\u00f3n completamente transparente de los fines para los cuales se recogen los datos personales.<\/p>\r\n\r\n<p>\u2013 Principio de limitaci\u00f3n de la finalidad: los datos personales ser\u00e1n recogidos con fines determinados, expl\u00edcitos y leg\u00edtimos.<\/p>\r\n\r\n<p>\u2013 Principio de minimizaci\u00f3n de datos: los datos personales recogidos ser\u00e1n \u00fanicamente los estrictamente necesarios en relaci\u00f3n con los fines para los que son tratados.<\/p>\r\n\r\n<p>\u2013 Principio de exactitud: los datos personales deben ser exactos y estar siempre actualizados.<\/p>\r\n\r\n<p>\u2013 Principio de limitaci\u00f3n del plazo de conservaci\u00f3n: los datos personales s\u00f3lo ser\u00e1n mantenidos de forma que se permita la identificaci\u00f3n del usuario durante el tiempo necesario para los fines de su tratamiento.<\/p>\r\n\r\n<p>\u2013 Principio de integridad y confidencialidad: los datos personales ser\u00e1n tratados de manera que se garantice su seguridad y confidencialidad.<\/p>\r\n\r\n<p>\u2013 Principio de responsabilidad proactiva: el responsable del tratamiento ser\u00e1 responsable de asegurar que los principios anteriores se cumplen.<\/p>\r\n\r\n<p><strong>Categor\u00edas de datos personales<\/strong><\/p>\r\n\r\n<p>Las categor\u00edas de datos que se tratan en el Sitio Web son \u00fanicamente datos identificativos. En ning\u00fan caso, se tratan categor\u00edas especiales de datos personales en el sentido del art\u00edculo 9 del RGPD.<\/p>\r\n\r\n<p><strong>Base legal para el tratamiento de los datos personales<\/strong><\/p>\r\n\r\n<p>La base legal para el tratamiento de los datos personales es el consentimiento. El Sitio Web se compromete a recabar el consentimiento expreso y verificable del usuario para el tratamiento de sus datos personales para uno o varios fines espec\u00edficos.\u00a0<\/p>\r\n\r\n<p>El usuario tendr\u00e1 derecho a retirar su consentimiento en cualquier momento. Ser\u00e1 tan f\u00e1cil retirar el consentimiento como darlo. Como regla general, la retirada del consentimiento no condicionara el uso del Sitio Web.<\/p>\r\n\r\n<p>En las ocasiones en las que el usuario deba o pueda facilitar sus datos a trav\u00e9s del formulario para realizar consultas, solicitar informaci\u00f3n o por motivos relacionados con el contenido del Sitio Web, se le informar\u00e1 en el caso de\u00a0 que la cumplimentaci\u00f3n de alguno de ellos sea obligatoria debido a que los mismos sean imprescindibles para el correcto desarrollo de la operaci\u00f3n realizada.<\/p>\r\n\r\n<p><strong>Periodos de retenci\u00f3n de los datos personales\u00a0 \u00a0<\/strong><\/p>\r\n\r\n<p>\u00a0Los datos personales solo ser\u00e1n retenidos durante el tiempo m\u00ednimo necesario para los fines de su tratamiento y, en todo caso, \u00fanicamente durante el siguiente plazo: dos a\u00f1os, o hasta que el usuario solicite su supresi\u00f3n.<\/p>\r\n\r\n<p><strong>Destinatarios de los datos personales<\/strong><\/p>\r\n\r\n<p>Los datos personales del usuario no ser\u00e1n compartidos con terceros siendo el \u00fanico destinatario el Sitio Web.<\/p>\r\n\r\n<p><strong>Datos personales de menores de edad<\/strong><\/p>\r\n\r\n<p>Respetando lo establecido en los art\u00edculos 8 del RGPD y 7 de la Ley Org\u00e1nica 3\/2018, del 5 de Diciembre, de Protecci\u00f3n de Datos Personales y garant\u00eda de los derechos digitales, solo los mayores de 14 a\u00f1os podr\u00e1n otorgar su consentimiento para el tratamiento de sus datos personales de forma licita por el Sitio Web. Si se trata de un menor de 14 a\u00f1os, ser\u00e1 necesario el consentimiento de los padres para el tratamiento, y este solo se considerar\u00e1 licito en la medida en que los mismos lo hayan autorizado.<\/p>\r\n\r\n<p><strong>Secreto y seguridad de los datos personales<\/strong><\/p>\r\n\r\n<p>El Sitio Web se compromete a adoptar las medidas t\u00e9cnicas y organizativas necesarias, seg\u00fan el nivel de seguridad adecuado a riesgo de los datos recogidos, de forma que se garantice la seguridad de los datos de car\u00e1cter personal y se evite la destrucci\u00f3n, perdida o alteraci\u00f3n accidental o il\u00edcita de datos personales transmitidos, conservados o tratados de otra forma, o la comunicaci\u00f3n o acceso no autorizados a dichos datos.\u00a0<\/p>\r\n\r\n<p>Sin embargo, debido a que el Sitio Web no puede garantizar la inexpugnabilidad de internet ni la ausencia total de hackers u otros que acceden de modo fraudulento a los datos personales, el responsable del tratamiento se compromete a comunicar al usuario sin dilaci\u00f3n indebida cuando ocurra una violaci\u00f3n de la seguridad de los datos personales que sea probable que entra\u00f1e un alto riesgo para los derechos y libertades de las personas f\u00edsicas. Siguiendo lo establecido en el articulo 4 del RGPD, se entiende por la violaci\u00f3n de la seguridad de los datos personales toda violaci\u00f3n de la seguridad que ocasione la destrucci\u00f3n, perdida o alteraci\u00f3n accidental o il\u00edcita de datos personales transmitidos, conservados o tratados de otra forma, o la comunicaci\u00f3n o acceso no autorizados a dichos datos.<\/p>\r\n\r\n<p><strong>Derechos derivados del tratamiento de los datos personales<\/strong><\/p>\r\n\r\n<p>El usuario tiene sobre el Sitio Web y podr\u00e1, por tanto, ejercer frente al responsable del tratamiento los siguientes derechos reconocidos en el RGPD y en la Ley Org\u00e1nica 3\/2018 del 5 de Diciembre, de Protecci\u00f3n de Datos Personales y garant\u00eda de los derechos digitales:<\/p>\r\n\r\n<p>\u2013 Derecho de acceso: es el derecho del usuario a obtener confirmaci\u00f3n de si el Sitio Web est\u00e1 tratando o no sus datos personales y, en caso afirmativo, obtener informaci\u00f3n sobre sus datos concretos de car\u00e1cter personal y del tratamiento que el Sitio Web haya realizado o realice, as\u00ed como, entre otra, de la informaci\u00f3n disponible sobre el origen de dichos datos y los destinatarios de las comunicaciones realizadas o previstas de los mismos.<\/p>\r\n\r\n<p>\u2013 Derecho de rectificaci\u00f3n: es el derecho del usuario a que se modifiquen sus datos personales que resulten ser inexactos o, teniendo en cuenta los fines del tratamiento, incompletos.<\/p>\r\n\r\n<p>\u2013 Derecho de supresi\u00f3n: es el derecho del usuario, siempre que la legislaci\u00f3n vigente no establezca lo contrario, a obtener la supresi\u00f3n de sus datos personales cuando estos ya no sean necesarios para los fines para los cuales fueron recogidos o tratados; el usuario haya retirado su consentimiento al tratamiento y este no cuente con otra base legal; el usuario se oponga al tratamiento y no exista otro motivo legitimo para continuar con el mismo; los datos personales hayan sido tratados il\u00edcitamente; los datos personales deban suprimirse en cumplimento de una obligaci\u00f3n legal; o los datos personales hayan sido obtenidos producto de una oferta directa de servicios de la sociedad de la informaci\u00f3n a un menor de 14 a\u00f1os. Adem\u00e1s de suprimir los datos, el responsable del tratamiento, teniendo en cuenta la tecnolog\u00eda disponible y el coste de su aplicaci\u00f3n, deber\u00e1 adoptar medidas razonables para informar a los responsables que est\u00e9n tratando los datos personales de la solicitud del interesado de supresi\u00f3n de cualquier enlace a esos datos personales.<\/p>\r\n\r\n<p>\u2013 Derecho a la limitaci\u00f3n del tratamiento: es el derecho del usuario a limitar el tratamiento de sus datos personales. El usuario tiene derecho a obtener la limitaci\u00f3n del tratamiento cuando impugne la exactitud de sus datos personales; el tratamiento sea il\u00edcito; el responsable del tratamiento ya no necesite los datos personales, pero el usuario lo necesite para hacer reclamaciones; y cuando el usuario se haya opuesto al tratamiento.<\/p>\r\n\r\n<p>\u2013 Derecho a la portabilidad de los datos: en caso de que el tratamiento se efect\u00fae por medios automatizados, el usuario tendr\u00e1 derecho a recibir del responsable del tratamiento sus datos personales en un formato estructurado, de uso com\u00fan y lectura mec\u00e1nica, y a transmitirlos a otros responsables de tratamiento. Siempre que sea t\u00e9cnicamente posible, el responsable del tratamiento transmitir\u00e1 directamente los datos a ese otro responsable.<\/p>\r\n\r\n<p>\u2013 Derecho de oposici\u00f3n: es el derecho del usuario a que no se lleve a cabo el tratamiento de sus datos de car\u00e1cter personal o se cese el tratamiento de los mismos por parte del Sitio Web.<\/p>\r\n\r\n<p>\u2013 Derecho a no ser objeto de una decisi\u00f3n basada \u00fanicamente en el tratamiento automatizado, incluida la elaboraci\u00f3n de perfiles: es el derecho del usuario a no ser objeto de una decisi\u00f3n individualizada basada \u00fanicamente en el tratamiento automatizado de sus datos personales, incluida la elaboraci\u00f3n de perfiles, existentes salvo que la legislaci\u00f3n vigente establezca lo contrario.<\/p>\r\n\r\n<p>As\u00ed pues, el Usuario podr\u00e1 ejercitar sus derechos mediante comunicaci\u00f3n escrita dirigida al Responsable del tratamiento con la referencia RGPD-wwww.german-pajares.com, especificando:<\/p>\r\n\r\n<ul>\r\n<li>Nombre, apellidos del Usuario y copia del DNI. En los casos en que se admita la representaci\u00f3n, ser\u00e1 tambi\u00e9n necesaria la identificaci\u00f3n por el mismo medio de la persona que representa al Usuario, as\u00ed como el documento acreditativo de la representaci\u00f3n. La fotocopia del DNI podr\u00e1 ser sustituida, por cualquier otro medio v\u00e1lido en derecho que acredite la identidad.<\/li>\r\n<li>Petici\u00f3n con los motivos espec\u00edficos de la solicitud o informaci\u00f3n a la que se quiere acceder.<\/li>\r\n<li>Domicilio a efecto de notificaciones.<\/li>\r\n<li>Fecha y firma del solicitante.<\/li>\r\n<li>Todo documento que acredite la petici\u00f3n que formula.<\/li>\r\n<\/ul>\r\n\r\n<p>Esta solicitud y todo otro documento adjunto podr\u00e1 enviarse al siguiente correo electr\u00f3nico:\u00a0<br \/>info@german-pajares.com<\/p>\r\n\r\n<p><strong>Reclamaciones ante la autoridad de control<\/strong><\/p>\r\n\r\n<p>En caso de que el usuario considere que existe un problema o infracci\u00f3n de la normativa vigente en la forma en la que se est\u00e1n tratando sus datos personales, tendr\u00e1 derecho a la tutela judicial efectiva y a presentar una reclamaci\u00f3n ante una autoridad de control, en particular, en el Estado en el que tenga su residencia habitual, lugar de trabajo o lugar de la supuesta infracci\u00f3n. En el caso de Espa\u00f1a, la autoridad de control es la Agencia Espa\u00f1ola de Protecci\u00f3n de Datos (http:\/\/www.agpd.es).<\/p>\r\n\r\n<p><strong>POL\u00cdTICA DE COOKIES<\/strong><\/p>\r\n\r\n<p>El acceso a este Sitio Web puede implicar la utilizaci\u00f3n de cookies. Las cookies son peque\u00f1as cantidades de informaci\u00f3n que se almacenan en el navegador utilizado por cada usuario \u2014en los distintos dispositivos que pueda utilizar para navegar\u2014 para que el servidor recuerde cierta informaci\u00f3n que posteriormente y \u00fanicamente el servidor que la implement\u00f3 leer\u00e1. Las cookies facilitan la navegaci\u00f3n, la hacen m\u00e1s amigable, y no da\u00f1an el dispositivo de navegaci\u00f3n.<\/p>\r\n\r\n<p>La informaci\u00f3n recabada a trav\u00e9s de las cookies puede incluir la fecha y hora de visitas al Sitio Web, las p\u00e1ginas visionadas, el tiempo que ha estado en el Sitio Web y los sitios visitados justo antes y despu\u00e9s del mismo. Sin embargo, ninguna cookie permite que esta misma pueda contactarse con el n\u00famero de tel\u00e9fono del usuario o con cualquier otro medio de contacto personal. Ninguna cookie puede extraer informaci\u00f3n del disco duro del usuario o robar informaci\u00f3n personal. La \u00fanica manera de que la informaci\u00f3n privada del usuario forme parte del archivo cookie es que el usuario d\u00e9 personalmente esa informaci\u00f3n al servidor.<\/p>\r\n\r\n<p>Las cookies que permiten identificar a una persona se consideran datos personales. Por tanto, a las mismas les ser\u00e1 de aplicaci\u00f3n la Pol\u00edtica de Privacidad anteriormente descrita. En este sentido, para la utilizaci\u00f3n de las mismas ser\u00e1 necesario el consentimiento del usuario. Este consentimiento ser\u00e1 comunicado, en base a una elecci\u00f3n aut\u00e9ntica, ofrecido mediante una decisi\u00f3n afirmativa y positiva, antes del tratamiento inicial, removible y documentado.<\/p>\r\n\r\n<p><strong>Deshabilitar, rechazar y eliminar cookies<\/strong><\/p>\r\n\r\n<p>El usuario puede deshabilitar, rechazar y eliminar las cookies \u2014total o parcialmente\u2014 instaladas en su dispositivo mediante la configuraci\u00f3n de su navegador (entre los que se encuentran, por ejemplo, Chrome, Firefox, Safari, Explorer). En este sentido, los procedimientos para rechazar y eliminar las cookies pueden diferir de un navegador de Internet a otro. En consecuencia, el usuario debe acudir a las instrucciones facilitadas por el propio navegador de Internet que est\u00e9 utilizando. En el supuesto de que rechace el uso de cookies \u2014total o parcialmente\u2014 podr\u00e1 seguir usando el Sitio Web, si bien podr\u00e1 tener limitada la utilizaci\u00f3n de algunas de las prestaciones del mismo.<\/p>\r\n\r\n<p><strong>ACEPTACI\u00d3N Y CAMBIOS EN ESTA POL\u00cdTICA DE PRIVACIDAD<\/strong><\/p>\r\n\r\n<p>Es necesario que el usuario haya le\u00eddo y est\u00e9 conforme con las condiciones sobre la protecci\u00f3n de datos de car\u00e1cter personal contenidas en esta Pol\u00edtica de Privacidad y de cookies, as\u00ed como que acepte el tratamiento de sus datos personales para que el Responsable del tratamiento pueda proceder al mismo en la forma, durante los plazos y para las finalidades indicadas. El uso del Sitio Web implicar\u00e1 la aceptaci\u00f3n de la Pol\u00edtica de Privacidad y de cookies del mismo.<\/p>\r\n\r\n<p>El Sitio Web se reserva el derecho a modificar su Pol\u00edtica de Privacidad y de cookies, de acuerdo a su propio criterio, o motivado por un cambio legislativo, jurisprudencial o doctrinal de la Agencia Espa\u00f1ola de Protecci\u00f3n de Datos. Los cambios o actualizaciones de esta Pol\u00edtica de Privacidad y de cookies no ser\u00e1n notificados de forma expl\u00edcita al usuario. Se recomienda al usuario consultar esta p\u00e1gina de forma peri\u00f3dica para estar al tanto de los \u00faltimos cambios o actualizaciones.<\/p>\r\n\r\n<p>Esta Pol\u00edtica de Privacidad y de cookies fue actualizada el d\u00eda\u00a01 de febrero 2018\u00a0para adaptarse al Reglamento (UE) 2016\/679 del Parlamento Europeo y del Consejo, de 27 de abril de 2016, relativo a la protecci\u00f3n de las personas f\u00edsicas en lo que respecta al tratamiento de datos personales y a la libre circulaci\u00f3n de estos datos (RGPD) y a la Ley Org\u00e1nica 3\/2018, de 5 de diciembre, de Protecci\u00f3n de Datos Personales y garant\u00eda de los derechos digitales.<\/p>\r\n\t\t\t\t\t\t<\/div>\n\t\t\t\t<\/div>\n\t\t\t\t\t<\/div>\n\t\t<\/div>\n\t\t\t\t\t\t\t<\/div>\n\t\t<\/section>\n\t\t\t\t\t\t\t<\/div>\n\t\t","protected":false},"excerpt":{"rendered":"<p>POL\u00cdTICA DE PRIVACIDAD DEL SITIO WEB www.german-pajares.com Respetando lo establecido en la legislaci\u00f3n vigente, Germ\u00e1n Pajares (en adelante el Sitio Web) se compromete a adoptar las medidas t\u00e9cnicas y organizativas necesarias, seg\u00fan el nivel de seguridad adecuado al riesgo de los datos recogidos. Leyes que incorpora esta pol\u00edtica de privacidad Esta pol\u00edtica de privacidad est\u00e1 [&hellip;]<\/p>\n","protected":false},"author":3,"featured_media":0,"parent":0,"menu_order":0,"comment_status":"closed","ping_status":"open","template":"","meta":[],"yoast_head":"<!-- This site is optimized with the Yoast SEO plugin v19.9 - https:\/\/yoast.com\/wordpress\/plugins\/seo\/ -->\n<title>Pol\u00edtica de privacidad - Tasaci\u00f3n de joyas, diamantes y relojes - Germ\u00e1n Pajares<\/title>\n<meta name=\"robots\" content=\"index, follow, max-snippet:-1, max-image-preview:large, max-video-preview:-1\" \/>\n<link rel=\"canonical\" href=\"https:\/\/www.german-pajares.com\/ca\/politica-de-privacidad\/\" \/>\n<meta property=\"og:locale\" content=\"ca_ES\" \/>\n<meta property=\"og:type\" content=\"article\" \/>\n<meta property=\"og:title\" content=\"Pol\u00edtica de privacidad - Tasaci\u00f3n de joyas, diamantes y relojes - Germ\u00e1n Pajares\" \/>\n<meta property=\"og:description\" content=\"POL\u00cdTICA DE PRIVACIDAD DEL SITIO WEB www.german-pajares.com Respetando lo establecido en la legislaci\u00f3n vigente, Germ\u00e1n Pajares (en adelante el Sitio Web) se compromete a adoptar las medidas t\u00e9cnicas y organizativas necesarias, seg\u00fan el nivel de seguridad adecuado al riesgo de los datos recogidos. Leyes que incorpora esta pol\u00edtica de privacidad Esta pol\u00edtica de privacidad est\u00e1 [&hellip;]\" \/>\n<meta property=\"og:url\" content=\"https:\/\/www.german-pajares.com\/ca\/politica-de-privacidad\/\" \/>\n<meta property=\"og:site_name\" content=\"Tasaci\u00f3n de joyas, diamantes y relojes - Germ\u00e1n Pajares\" \/>\n<meta name=\"twitter:card\" content=\"summary_large_image\" \/>\n<meta name=\"twitter:label1\" content=\"Temps estimat de lectura\" \/>\n\t<meta name=\"twitter:data1\" content=\"13 minuts\" \/>\n<script type=\"application\/ld+json\" class=\"yoast-schema-graph\">{\"@context\":\"https:\/\/schema.org\",\"@graph\":[{\"@type\":\"WebPage\",\"@id\":\"https:\/\/www.german-pajares.com\/ca\/politica-de-privacidad\/\",\"url\":\"https:\/\/www.german-pajares.com\/ca\/politica-de-privacidad\/\",\"name\":\"Pol\u00edtica de privacidad - Tasaci\u00f3n de joyas, diamantes y relojes - Germ\u00e1n Pajares\",\"isPartOf\":{\"@id\":\"https:\/\/www.german-pajares.com\/ca\/#website\"},\"datePublished\":\"2022-10-04T09:05:40+00:00\",\"dateModified\":\"2022-10-04T09:05:40+00:00\",\"breadcrumb\":{\"@id\":\"https:\/\/www.german-pajares.com\/ca\/politica-de-privacidad\/#breadcrumb\"},\"inLanguage\":\"ca\",\"potentialAction\":[{\"@type\":\"ReadAction\",\"target\":[\"https:\/\/www.german-pajares.com\/ca\/politica-de-privacidad\/\"]}]},{\"@type\":\"BreadcrumbList\",\"@id\":\"https:\/\/www.german-pajares.com\/ca\/politica-de-privacidad\/#breadcrumb\",\"itemListElement\":[{\"@type\":\"ListItem\",\"position\":1,\"name\":\"Portada\",\"item\":\"https:\/\/www.german-pajares.com\/ca\/\"},{\"@type\":\"ListItem\",\"position\":2,\"name\":\"Pol\u00edtica de privacidad\"}]},{\"@type\":\"WebSite\",\"@id\":\"https:\/\/www.german-pajares.com\/ca\/#website\",\"url\":\"https:\/\/www.german-pajares.com\/ca\/\",\"name\":\"Tasaci\u00f3n de joyas, diamantes y relojes - Germ\u00e1n Pajares\",\"description\":\"Tasaci\u00f3n de joyas, diamantes y relojes - Germ\u00e1n Pajares\",\"publisher\":{\"@id\":\"https:\/\/www.german-pajares.com\/ca\/#organization\"},\"potentialAction\":[{\"@type\":\"SearchAction\",\"target\":{\"@type\":\"EntryPoint\",\"urlTemplate\":\"https:\/\/www.german-pajares.com\/ca\/?s={search_term_string}\"},\"query-input\":\"required name=search_term_string\"}],\"inLanguage\":\"ca\"},{\"@type\":\"Organization\",\"@id\":\"https:\/\/www.german-pajares.com\/ca\/#organization\",\"name\":\"Tasaci\u00f3n de joyas, diamantes y relojes - Germ\u00e1n Pajares\",\"url\":\"https:\/\/www.german-pajares.com\/ca\/\",\"logo\":{\"@type\":\"ImageObject\",\"inLanguage\":\"ca\",\"@id\":\"https:\/\/www.german-pajares.com\/ca\/#\/schema\/logo\/image\/\",\"url\":\"https:\/\/www.german-pajares.com\/wp-content\/uploads\/2022\/09\/german-pajares-tasador-joyas.svg\",\"contentUrl\":\"https:\/\/www.german-pajares.com\/wp-content\/uploads\/2022\/09\/german-pajares-tasador-joyas.svg\",\"width\":248,\"height\":338,\"caption\":\"Tasaci\u00f3n de joyas, diamantes y relojes - Germ\u00e1n Pajares\"},\"image\":{\"@id\":\"https:\/\/www.german-pajares.com\/ca\/#\/schema\/logo\/image\/\"}}]}<\/script>\n<!-- \/ Yoast SEO plugin. -->","yoast_head_json":{"title":"Pol\u00edtica de privacidad - Tasaci\u00f3n de joyas, diamantes y relojes - Germ\u00e1n Pajares","robots":{"index":"index","follow":"follow","max-snippet":"max-snippet:-1","max-image-preview":"max-image-preview:large","max-video-preview":"max-video-preview:-1"},"canonical":"https:\/\/www.german-pajares.com\/ca\/politica-de-privacidad\/","og_locale":"ca_ES","og_type":"article","og_title":"Pol\u00edtica de privacidad - Tasaci\u00f3n de joyas, diamantes y relojes - Germ\u00e1n Pajares","og_description":"POL\u00cdTICA DE PRIVACIDAD DEL SITIO WEB www.german-pajares.com Respetando lo establecido en la legislaci\u00f3n vigente, Germ\u00e1n Pajares (en adelante el Sitio Web) se compromete a adoptar las medidas t\u00e9cnicas y organizativas necesarias, seg\u00fan el nivel de seguridad adecuado al riesgo de los datos recogidos. Leyes que incorpora esta pol\u00edtica de privacidad Esta pol\u00edtica de privacidad est\u00e1 [&hellip;]","og_url":"https:\/\/www.german-pajares.com\/ca\/politica-de-privacidad\/","og_site_name":"Tasaci\u00f3n de joyas, diamantes y relojes - Germ\u00e1n Pajares","twitter_card":"summary_large_image","twitter_misc":{"Temps estimat de lectura":"13 minuts"},"schema":{"@context":"https:\/\/schema.org","@graph":[{"@type":"WebPage","@id":"https:\/\/www.german-pajares.com\/ca\/politica-de-privacidad\/","url":"https:\/\/www.german-pajares.com\/ca\/politica-de-privacidad\/","name":"Pol\u00edtica de privacidad - Tasaci\u00f3n de joyas, diamantes y relojes - Germ\u00e1n Pajares","isPartOf":{"@id":"https:\/\/www.german-pajares.com\/ca\/#website"},"datePublished":"2022-10-04T09:05:40+00:00","dateModified":"2022-10-04T09:05:40+00:00","breadcrumb":{"@id":"https:\/\/www.german-pajares.com\/ca\/politica-de-privacidad\/#breadcrumb"},"inLanguage":"ca","potentialAction":[{"@type":"ReadAction","target":["https:\/\/www.german-pajares.com\/ca\/politica-de-privacidad\/"]}]},{"@type":"BreadcrumbList","@id":"https:\/\/www.german-pajares.com\/ca\/politica-de-privacidad\/#breadcrumb","itemListElement":[{"@type":"ListItem","position":1,"name":"Portada","item":"https:\/\/www.german-pajares.com\/ca\/"},{"@type":"ListItem","position":2,"name":"Pol\u00edtica de privacidad"}]},{"@type":"WebSite","@id":"https:\/\/www.german-pajares.com\/ca\/#website","url":"https:\/\/www.german-pajares.com\/ca\/","name":"Tasaci\u00f3n de joyas, diamantes y relojes - Germ\u00e1n Pajares","description":"Tasaci\u00f3n de joyas, diamantes y relojes - Germ\u00e1n Pajares","publisher":{"@id":"https:\/\/www.german-pajares.com\/ca\/#organization"},"potentialAction":[{"@type":"SearchAction","target":{"@type":"EntryPoint","urlTemplate":"https:\/\/www.german-pajares.com\/ca\/?s={search_term_string}"},"query-input":"required name=search_term_string"}],"inLanguage":"ca"},{"@type":"Organization","@id":"https:\/\/www.german-pajares.com\/ca\/#organization","name":"Tasaci\u00f3n de joyas, diamantes y relojes - Germ\u00e1n Pajares","url":"https:\/\/www.german-pajares.com\/ca\/","logo":{"@type":"ImageObject","inLanguage":"ca","@id":"https:\/\/www.german-pajares.com\/ca\/#\/schema\/logo\/image\/","url":"https:\/\/www.german-pajares.com\/wp-content\/uploads\/2022\/09\/german-pajares-tasador-joyas.svg","contentUrl":"https:\/\/www.german-pajares.com\/wp-content\/uploads\/2022\/09\/german-pajares-tasador-joyas.svg","width":248,"height":338,"caption":"Tasaci\u00f3n de joyas, diamantes y relojes - Germ\u00e1n Pajares"},"image":{"@id":"https:\/\/www.german-pajares.com\/ca\/#\/schema\/logo\/image\/"}}]}},"_links":{"self":[{"href":"https:\/\/www.german-pajares.com\/ca\/wp-json\/wp\/v2\/pages\/855"}],"collection":[{"href":"https:\/\/www.german-pajares.com\/ca\/wp-json\/wp\/v2\/pages"}],"about":[{"href":"https:\/\/www.german-pajares.com\/ca\/wp-json\/wp\/v2\/types\/page"}],"author":[{"embeddable":true,"href":"https:\/\/www.german-pajares.com\/ca\/wp-json\/wp\/v2\/users\/3"}],"replies":[{"embeddable":true,"href":"https:\/\/www.german-pajares.com\/ca\/wp-json\/wp\/v2\/comments?post=855"}],"version-history":[{"count":0,"href":"https:\/\/www.german-pajares.com\/ca\/wp-json\/wp\/v2\/pages\/855\/revisions"}],"wp:attachment":[{"href":"https:\/\/www.german-pajares.com\/ca\/wp-json\/wp\/v2\/media?parent=855"}],"curies":[{"name":"wp","href":"https:\/\/api.w.org\/{rel}","templated":true}]}}